{"id":13327,"date":"2022-09-21T15:10:57","date_gmt":"2022-09-21T13:10:57","guid":{"rendered":"https:\/\/deine-ernaehrung.de\/ausbildung\/?page_id=13327"},"modified":"2025-03-17T10:00:28","modified_gmt":"2025-03-17T09:00:28","slug":"start-ausbildung-pro","status":"publish","type":"page","link":"https:\/\/deine-ernaehrung.de\/ausbildung\/start-ausbildung-pro\/","title":{"rendered":"Start Ausbildung Pro"},"content":{"rendered":"<p>[et_pb_section fb_built=&#8220;1&#8243; _builder_version=&#8220;4.17.3&#8243; _module_preset=&#8220;default&#8220; custom_padding=&#8220;1px||0px|||&#8220; animation_style=&#8220;fade&#8220; animation_duration=&#8220;250ms&#8220; global_colors_info=&#8220;{}&#8220;][et_pb_row column_structure=&#8220;1_2,1_2&#8243; use_custom_gutter=&#8220;on&#8220; gutter_width=&#8220;2&#8243; _builder_version=&#8220;4.17.3&#8243; _module_preset=&#8220;default&#8220; position_origin_a=&#8220;center_center&#8220; width=&#8220;100%&#8220; max_width=&#8220;100%&#8220; custom_margin=&#8220;0px||0px||true|false&#8220; custom_padding=&#8220;0px||0px||true|false&#8220; custom_css_main_element=&#8220;display: flex;||align-items: center;||flex-wrap: wrap;&#8220; global_colors_info=&#8220;{}&#8220; custom_css_main_element_last_edited=&#8220;on|phone&#8220; custom_css_main_element_tablet=&#8220; &#8220; custom_css_main_element_phone=&#8220; &#8222;][et_pb_column type=&#8220;1_2&#8243; _builder_version=&#8220;4.17.3&#8243; _module_preset=&#8220;default&#8220; global_colors_info=&#8220;{}&#8220;][et_pb_image src=&#8220;https:\/\/deine-ernaehrung.de\/ausbildung\/wp-content\/uploads\/2023\/07\/Deine_Ernaehrung_Akademie.jpg&#8220; alt=&#8220;Ern\u00e4hrungsberater vegan Ausbildung&#8220; title_text=&#8220;Deine_Erna\u0308hrung_Akademie&#8220; src_tablet=&#8220;https:\/\/deine-ernaehrung.de\/ausbildung\/wp-content\/uploads\/2022\/09\/Ausbildung-start-Hintergrund-mobile-01.jpg&#8220; src_phone=&#8220;https:\/\/deine-ernaehrung.de\/ausbildung\/wp-content\/uploads\/2022\/09\/Ausbildung-start-Hintergrund-mobile-01.jpg&#8220; src_last_edited=&#8220;on|desktop&#8220; _builder_version=&#8220;4.27.4&#8243; _module_preset=&#8220;default&#8220; global_module=&#8220;13318&#8243; saved_tabs=&#8220;all&#8220; global_colors_info=&#8220;{}&#8220;][\/et_pb_image][\/et_pb_column][et_pb_column type=&#8220;1_2&#8243; _builder_version=&#8220;4.17.3&#8243; _module_preset=&#8220;default&#8220; global_colors_info=&#8220;{}&#8220;][et_pb_cta title=&#8220;Wir freuen uns sehr, dich in der Ern\u00e4hrungsberater-Ausbildung begr\u00fc\u00dfen zu d\u00fcrfen!&#8220; button_url=&#8220;https:\/\/myablefy.com\/s\/deine-ernaehrung\/fernausbildung-ernaehrungsberater-in-pro\/payment&#8220; button_text=&#8220;Jetzt anmelden&#8220; _builder_version=&#8220;4.27.4&#8243; _module_preset=&#8220;dcce97db-1644-4d2a-9ab9-6ec155fc08de&#8220; positioning=&#8220;relative&#8220; width=&#8220;100%&#8220; max_width=&#8220;670px&#8220; custom_padding=&#8220;20px||35px|34px|false|false&#8220; custom_padding_tablet=&#8220;0px||60px||false|false&#8220; custom_padding_phone=&#8220;0px||60px||false|false&#8220; link_option_url=&#8220;https:\/\/myablefy.com\/s\/deine-ernaehrung\/fernausbildung-ernaehrungsberater-in-pro\/payment&#8220; hover_enabled=&#8220;0&#8243; global_module=&#8220;13319&#8243; saved_tabs=&#8220;all&#8220; global_colors_info=&#8220;{}&#8220; sticky_enabled=&#8220;0&#8243;]<\/p>\n<p>Nach deiner Anmeldung bekommst du direkt deine Login-Daten f\u00fcr den Ausbildungs-Campus. Gleichzeitig packen wir das Paket mit all deinen Lehrunterlagen.<\/p>\n<p><span style=\"color: #000000;\"><strong>Zweiw\u00f6chige Probezeit:<\/strong><\/span><br \/>Falls dir die Ausbildung nicht gef\u00e4llt, kannst du innerhalb von zwei Wochen nach Anmeldung von deinem R\u00fcckgaberecht Gebrauch machen. Mit R\u00fccksendung der Unterlagen erh\u00e4ltst du deine Bezahlung vollst\u00e4ndig zur\u00fcck.<\/p>\n<p>Wenn du Fragen hast, sind wir \u00fcber E-Mail (<a href=\"mailto:info@deine-ernaehrung.de\">info@deine-ernaehrung.de<\/a>) oder Telefon (+49 8191 989464) gerne f\u00fcr dich da.<\/p>\n<p>Wie sch\u00f6n, dass du mit dabei bist!<\/p>\n<p>Herzliche Gr\u00fc\u00dfe<br \/>Ulrike und J\u00fcrgen<\/p>\n<p>[\/et_pb_cta][\/et_pb_column][\/et_pb_row][\/et_pb_section]<\/p>\n<span class=\"et_bloom_bottom_trigger\"><\/span>","protected":false},"excerpt":{"rendered":"<p>Nach deiner Anmeldung bekommst du direkt deine Login-Daten f\u00fcr den Ausbildungs-Campus. Gleichzeitig packen wir das Paket mit all deinen Lehrunterlagen. Zweiw\u00f6chige Probezeit:Falls dir die Ausbildung nicht gef\u00e4llt, kannst du innerhalb von zwei Wochen nach Anmeldung von deinem R\u00fcckgaberecht Gebrauch machen. Mit R\u00fccksendung der Unterlagen erh\u00e4ltst du deine Bezahlung vollst\u00e4ndig zur\u00fcck. Wenn du Fragen hast, sind [&hellip;]<\/p>\n","protected":false},"author":1,"featured_media":0,"parent":0,"menu_order":0,"comment_status":"closed","ping_status":"closed","template":"","meta":{"_acf_changed":false,"_et_pb_use_builder":"on","_et_pb_old_content":"","_et_gb_content_width":"","footnotes":""},"class_list":["post-13327","page","type-page","status-publish","hentry"],"acf":[],"jetpack_sharing_enabled":true,"_links":{"self":[{"href":"https:\/\/deine-ernaehrung.de\/ausbildung\/wp-json\/wp\/v2\/pages\/13327","targetHints":{"allow":["GET"]}}],"collection":[{"href":"https:\/\/deine-ernaehrung.de\/ausbildung\/wp-json\/wp\/v2\/pages"}],"about":[{"href":"https:\/\/deine-ernaehrung.de\/ausbildung\/wp-json\/wp\/v2\/types\/page"}],"author":[{"embeddable":true,"href":"https:\/\/deine-ernaehrung.de\/ausbildung\/wp-json\/wp\/v2\/users\/1"}],"replies":[{"embeddable":true,"href":"https:\/\/deine-ernaehrung.de\/ausbildung\/wp-json\/wp\/v2\/comments?post=13327"}],"version-history":[{"count":3,"href":"https:\/\/deine-ernaehrung.de\/ausbildung\/wp-json\/wp\/v2\/pages\/13327\/revisions"}],"predecessor-version":[{"id":14387,"href":"https:\/\/deine-ernaehrung.de\/ausbildung\/wp-json\/wp\/v2\/pages\/13327\/revisions\/14387"}],"wp:attachment":[{"href":"https:\/\/deine-ernaehrung.de\/ausbildung\/wp-json\/wp\/v2\/media?parent=13327"}],"curies":[{"name":"wp","href":"https:\/\/api.w.org\/{rel}","templated":true}]}}